
{"id":263,"date":"2018-04-26T12:05:38","date_gmt":"2018-04-26T12:05:38","guid":{"rendered":"http:\/\/oprechtice.knihovna.info\/?page_id=263"},"modified":"2026-02-08T15:34:14","modified_gmt":"2026-02-08T15:34:14","slug":"vykazy-a-komentare-za-rok-2017","status":"publish","type":"page","link":"https:\/\/oprechtice.knihovna.info\/?page_id=263","title":{"rendered":"V\u00fdkazy a koment\u00e1\u0159e"},"content":{"rendered":"<p><a href=\"https:\/\/oprechtice.knihovna.info\/wp-content\/uploads\/2018\/04\/Ro\u010dn\u00ed-v\u00fdkaz-2017.pdf\">Ro\u010dn\u00ed v\u00fdkaz 2017<\/a><a href=\"https:\/\/oprechtice.knihovna.info\/wp-content\/uploads\/2018\/04\/Koment\u00e1\u0159-za-rok-2017.pdf\">Koment\u00e1\u0159 za rok 2017<\/a><\/p>\n<p><a href=\"https:\/\/oprechtice.knihovna.info\/wp-content\/uploads\/2018\/04\/Ro\u010dn\u00ed-v\u00fdkaz-2018.pdf\" data-wplink-edit=\"true\">Ro\u010dn\u00ed v\u00fdkaz 2018<\/a><a href=\"https:\/\/oprechtice.knihovna.info\/wp-content\/uploads\/2018\/04\/Koment\u00e1\u0159-k-v\u00fdkazu-za-rok-2018.pdf\">Koment\u00e1\u0159 k v\u00fdkazu za rok 2018<\/a><\/p>\n<p><a href=\"https:\/\/oprechtice.knihovna.info\/wp-content\/uploads\/2021\/06\/Rocni-vykaz-2019-1.pdf\">Ro\u010dn\u00ed v\u00fdkaz 2019<\/a>, <a href=\"https:\/\/oprechtice.knihovna.info\/wp-content\/uploads\/2021\/06\/Komentar-2019-1.pdf\">Koment\u00e1\u0159 2019<\/a><\/p>\n<p><a href=\"https:\/\/oprechtice.knihovna.info\/wp-content\/uploads\/2021\/06\/Rocni-vykaz-2020.pdf\">Ro\u010dn\u00ed v\u00fdkaz 2020<\/a>, <a href=\"https:\/\/oprechtice.knihovna.info\/wp-content\/uploads\/2021\/03\/Komentar_2020.pdf\">Koment\u00e1\u0159 k v\u00fdkazu za rok 2020<\/a><\/p>\n<p><a href=\"https:\/\/d6scj24zvfbbo.cloudfront.net\/0aaf90ddb65b5d811018ce486e23f738\/200000008-6de3f6de40\/Kult_Oprechtice.pdf?ph=6487db38fd\">Ro\u010dn\u00ed v\u00fdkaz 2021<\/a>, <a href=\"https:\/\/d6scj24zvfbbo.cloudfront.net\/0aaf90ddb65b5d811018ce486e23f738\/200000007-9c8be9c8bf\/OPRECHTICE_Koment%C3%A1%C5%99-O-2021.pdf?ph=6487db38fd\">Koment\u00e1\u0159 k v\u00fdkazu za rok 2021<\/a><\/p>\n\n\n<h2 class=\"wp-block-heading\"><\/h2>\n\n\n\n<div class=\"wp-block-file\"><a href=\"https:\/\/oprechtice.knihovna.info\/wp-content\/uploads\/2025\/03\/Komentar-k-vykazu-za-rok-2024-1.pdf\">Komentar-k-vykazu-za-rok-2024-1<\/a><a href=\"https:\/\/oprechtice.knihovna.info\/wp-content\/uploads\/2025\/03\/Komentar-k-vykazu-za-rok-2024-1.pdf\" class=\"wp-block-file__button wp-element-button\" download>St\u00e1hnout<\/a><\/div>\n\n\n\n<p>Ro\u010dn\u00ed v\u00fdkaz 2024<\/p>\n\n\n\n<p><strong>Ro\u010dn\u00ed v\u00fdkaz 2025<\/strong><\/p>\n\n\n\n<p><\/p>\n\n\n\n<div data-wp-interactive=\"core\/file\" class=\"wp-block-file\"><object data-wp-bind--hidden=\"!state.hasPdfPreview\" hidden class=\"wp-block-file__embed\" data=\"https:\/\/oprechtice.knihovna.info\/wp-content\/uploads\/2026\/02\/OPRECHTICE_Komentar-O-2025_na_web.pdf\" type=\"application\/pdf\" style=\"width:100%;height:200px\" aria-label=\"Vlo\u017eit z OPRECHTICE_Koment\u00e1\u0159-O-2025_na_web.\"><\/object><a id=\"wp-block-file--media-d5ed0c00-9f03-4cfb-83ca-a2d4a7b9a3e8\" href=\"https:\/\/oprechtice.knihovna.info\/wp-content\/uploads\/2026\/02\/OPRECHTICE_Komentar-O-2025_na_web.pdf\">OPRECHTICE_Koment\u00e1\u0159-O-2025_na_web<\/a><a href=\"https:\/\/oprechtice.knihovna.info\/wp-content\/uploads\/2026\/02\/OPRECHTICE_Komentar-O-2025_na_web.pdf\" class=\"wp-block-file__button wp-element-button\" download aria-describedby=\"wp-block-file--media-d5ed0c00-9f03-4cfb-83ca-a2d4a7b9a3e8\">St\u00e1hnout<\/a><\/div>\n\n\n\n<div data-wp-interactive=\"core\/file\" class=\"wp-block-file\"><object data-wp-bind--hidden=\"!state.hasPdfPreview\" hidden class=\"wp-block-file__embed\" data=\"https:\/\/oprechtice.knihovna.info\/wp-content\/uploads\/2026\/02\/Kult_Oprechtice_2025_na_web.pdf\" type=\"application\/pdf\" style=\"width:100%;height:200px\" aria-label=\"Vlo\u017eit z Kult_Oprechtice_2025_na_web.\"><\/object><a id=\"wp-block-file--media-d74d2caf-ec8a-4cf5-8e41-df0e4adb5284\" href=\"https:\/\/oprechtice.knihovna.info\/wp-content\/uploads\/2026\/02\/Kult_Oprechtice_2025_na_web.pdf\">Kult_Oprechtice_2025_na_web<\/a><a href=\"https:\/\/oprechtice.knihovna.info\/wp-content\/uploads\/2026\/02\/Kult_Oprechtice_2025_na_web.pdf\" class=\"wp-block-file__button wp-element-button\" download aria-describedby=\"wp-block-file--media-d74d2caf-ec8a-4cf5-8e41-df0e4adb5284\">St\u00e1hnout<\/a><\/div>\n","protected":false},"excerpt":{"rendered":"<p>Ro\u010dn\u00ed v\u00fdkaz 2017Koment\u00e1\u0159 za rok 2017 Ro\u010dn\u00ed v\u00fdkaz 2018Koment\u00e1\u0159 k v\u00fdkazu za rok 2018 Ro\u010dn\u00ed v\u00fdkaz 2019, Koment\u00e1\u0159 2019 Ro\u010dn\u00ed v\u00fdkaz 2020, Koment\u00e1\u0159 k v\u00fdkazu za rok 2020 Ro\u010dn\u00ed v\u00fdkaz 2021, Koment\u00e1\u0159 k v\u00fdkazu za rok 2021 Ro\u010dn\u00ed v\u00fdkaz 2024 &hellip; <a href=\"https:\/\/oprechtice.knihovna.info\/?page_id=263\">Cel\u00fd p\u0159\u00edsp\u011bvek <span class=\"meta-nav\">&rarr;<\/span><\/a><\/p>\n","protected":false},"author":1,"featured_media":0,"parent":0,"menu_order":0,"comment_status":"closed","ping_status":"closed","template":"","meta":{"ngg_post_thumbnail":0,"footnotes":""},"class_list":["post-263","page","type-page","status-publish","hentry"],"_links":{"self":[{"href":"https:\/\/oprechtice.knihovna.info\/index.php?rest_route=\/wp\/v2\/pages\/263","targetHints":{"allow":["GET"]}}],"collection":[{"href":"https:\/\/oprechtice.knihovna.info\/index.php?rest_route=\/wp\/v2\/pages"}],"about":[{"href":"https:\/\/oprechtice.knihovna.info\/index.php?rest_route=\/wp\/v2\/types\/page"}],"author":[{"embeddable":true,"href":"https:\/\/oprechtice.knihovna.info\/index.php?rest_route=\/wp\/v2\/users\/1"}],"replies":[{"embeddable":true,"href":"https:\/\/oprechtice.knihovna.info\/index.php?rest_route=%2Fwp%2Fv2%2Fcomments&post=263"}],"version-history":[{"count":31,"href":"https:\/\/oprechtice.knihovna.info\/index.php?rest_route=\/wp\/v2\/pages\/263\/revisions"}],"predecessor-version":[{"id":663,"href":"https:\/\/oprechtice.knihovna.info\/index.php?rest_route=\/wp\/v2\/pages\/263\/revisions\/663"}],"wp:attachment":[{"href":"https:\/\/oprechtice.knihovna.info\/index.php?rest_route=%2Fwp%2Fv2%2Fmedia&parent=263"}],"curies":[{"name":"wp","href":"https:\/\/api.w.org\/{rel}","templated":true}]}}